{"id":4591,"date":"2024-06-22T01:14:44","date_gmt":"2024-06-22T01:14:44","guid":{"rendered":"https:\/\/www.hyflexpack.com\/?post_type=product&#038;p=4591"},"modified":"2024-06-22T01:14:46","modified_gmt":"2024-06-22T01:14:46","slug":"ozel-imbik-poseti","status":"publish","type":"product","link":"https:\/\/www.hyflexpack.com\/tr\/product\/custom-retort-pouch\/","title":{"rendered":"\u00d6zel Retort Torba G\u0131da S\u0131n\u0131f\u0131 Is\u0131ya Dayan\u0131kl\u0131 Kolay Y\u0131rt\u0131labilir Stand-Up Torbalar"},"content":{"rendered":"<div class=\"wp-block-columns is-layout-flex wp-container-core-columns-is-layout-9d6595d7 wp-block-columns-is-layout-flex\">\n<div class=\"wp-block-column is-layout-flow wp-block-column-is-layout-flow\">\n<h3 class=\"wp-block-heading\">Y\u00fcksek Kaliteli Retort Torban\u0131n \u00d6zellikleri<\/h3>\n\n\n\n<ul class=\"wp-block-list\">\n<li>G\u0131da S\u0131n\u0131f\u0131 Malzeme: Retort po\u015fet y\u00fcksek kaliteli malzemelerden \u00fcretilmi\u015ftir, g\u00fcvenlik ve g\u0131da paketleme standartlar\u0131na uygunluk sa\u011flar.<\/li>\n<\/ul>\n\n\n\n<p><\/p>\n\n\n\n<ul class=\"wp-block-list\">\n<li>Is\u0131 Direnci: Retort i\u015flemi s\u0131ras\u0131nda y\u00fcksek s\u0131cakl\u0131klara dayanacak ve paketlenmi\u015f g\u0131dan\u0131n b\u00fct\u00fcnl\u00fc\u011f\u00fcn\u00fc ve g\u00fcvenli\u011fini koruyacak \u015fekilde tasarlanm\u0131\u015ft\u0131r.<\/li>\n<\/ul>\n\n\n\n<p><\/p>\n\n\n\n<ul class=\"wp-block-list\">\n<li>Kolay Y\u0131rt\u0131lma \u00d6zelli\u011fi: T\u00fcketicilerin makas veya di\u011fer aletlere ihtiya\u00e7 duymadan rahat\u00e7a a\u00e7abilmeleri i\u00e7in kolay y\u0131rtma \u00e7enti\u011fi veya \u00f6zelli\u011fi ile donat\u0131lm\u0131\u015ft\u0131r.<\/li>\n<\/ul>\n\n\n\n<p><\/p>\n\n\n\n<ul class=\"wp-block-list\">\n<li>Ayakl\u0131 Tasar\u0131m: Yenilik\u00e7i dik duran po\u015fet tasar\u0131m\u0131, perakende raflar\u0131nda kolay saklama, sergileme ve ta\u015f\u0131ma sa\u011flar.<\/li>\n<\/ul>\n\n\n\n<p><\/p>\n\n\n\n<ul class=\"wp-block-list\">\n<li>Bariyer \u00d6zellikleri: Nem, oksijen ve \u0131\u015f\u0131\u011fa kar\u015f\u0131 m\u00fckemmel bariyer \u00f6zellikleri sa\u011flayarak g\u0131dalar\u0131n tazeli\u011fini korur ve raf \u00f6mr\u00fcn\u00fc uzat\u0131r.<\/li>\n<\/ul>\n\n\n\n<p><\/p>\n\n\n\n<ul class=\"wp-block-list\">\n<li>\u00c7ok y\u00f6nl\u00fcl\u00fck: \u00c7orbalar, soslar, haz\u0131r yemekler ve evcil hayvan mamalar\u0131 dahil olmak \u00fczere \u00e7ok \u00e7e\u015fitli g\u0131da \u00fcr\u00fcnleri i\u00e7in uygundur ve ambalaj \u00e7\u00f6z\u00fcmlerinde esneklik sunar.<\/li>\n<\/ul>\n<\/div>\n\n\n\n<div class=\"wp-block-column is-layout-flow wp-block-column-is-layout-flow\">\n<figure class=\"wp-block-image size-full\"><img fetchpriority=\"high\" decoding=\"async\" width=\"750\" height=\"750\" src=\"https:\/\/www.hyflexpack.com\/wp-content\/uploads\/2024\/06\/Custom-Retort-Pouch-3.webp\" alt=\"\u00d6zel Retort Torbas\u0131\" class=\"wp-image-4593\" srcset=\"https:\/\/www.hyflexpack.com\/wp-content\/uploads\/2024\/06\/Custom-Retort-Pouch-3.webp 750w, https:\/\/www.hyflexpack.com\/wp-content\/uploads\/2024\/06\/Custom-Retort-Pouch-3-300x300.webp 300w, https:\/\/www.hyflexpack.com\/wp-content\/uploads\/2024\/06\/Custom-Retort-Pouch-3-150x150.webp 150w, https:\/\/www.hyflexpack.com\/wp-content\/uploads\/2024\/06\/Custom-Retort-Pouch-3-12x12.webp 12w, https:\/\/www.hyflexpack.com\/wp-content\/uploads\/2024\/06\/Custom-Retort-Pouch-3-285x285.webp 285w, https:\/\/www.hyflexpack.com\/wp-content\/uploads\/2024\/06\/Custom-Retort-Pouch-3-270x270.webp 270w, https:\/\/www.hyflexpack.com\/wp-content\/uploads\/2024\/06\/Custom-Retort-Pouch-3-540x540.webp 540w, https:\/\/www.hyflexpack.com\/wp-content\/uploads\/2024\/06\/Custom-Retort-Pouch-3-660x660.webp 660w\" sizes=\"(max-width: 750px) 100vw, 750px\" \/><\/figure>\n<\/div>\n<\/div>","protected":false},"excerpt":{"rendered":"<p>Retort po\u015fet g\u0131da s\u0131n\u0131f\u0131 \u0131s\u0131ya dayan\u0131kl\u0131 y\u0131rt\u0131lmaz dik po\u015fetler, \u00e7ok \u00e7e\u015fitli g\u0131da \u00fcr\u00fcnleri i\u00e7in g\u00fcvenilir, g\u00fcvenli ve kullan\u0131\u015fl\u0131 ambalaj \u00e7\u00f6z\u00fcmleri arayan markalar ve \u00fcreticiler i\u00e7in ideal se\u00e7im haline gelmi\u015ftir. Daha fazlas\u0131n\u0131 \u00f6\u011frenmek i\u00e7in bizimle ileti\u015fime ge\u00e7in!<\/p>\n<h3>Retort Torba Tedarik\u00e7isinin Avantajlar\u0131<\/h3>\n<ul>\n<li><strong>\u00d6zel Tasar\u0131m<\/strong>: M\u00fc\u015fterilerin ihtiya\u00e7lar\u0131n\u0131 kar\u015f\u0131lamak i\u00e7in malzeme, boyut ve bask\u0131 deseni \u00f6zelle\u015ftirme dahil olmak \u00fczere \u00f6zelle\u015ftirilmi\u015f tasar\u0131m imbik \u00e7antas\u0131 hizmeti sunuyoruz ve OEM ve ODM'yi destekliyoruz.<\/li>\n<li><strong>\u00dcretim<\/strong>: Geli\u015fmi\u015f ekipman ve teknoloji ile sipari\u015fleri y\u00fcksek verimlilik ve y\u00fcksek kalitede tamamlayabilir ve zaman\u0131nda teslim edebiliriz.<\/li>\n<li><strong>Kalite Denetimi<\/strong>: \u00dcr\u00fcnlerin standartlar\u0131 kar\u015f\u0131lad\u0131\u011f\u0131ndan emin olmak i\u00e7in kalite standartlar\u0131n\u0131 ve g\u0131da g\u00fcvenli\u011fi gereksinimlerini s\u0131k\u0131 bir \u015fekilde takip edin.<\/li>\n<li><strong>Teknik Destek Ekibi<\/strong>: Ekibimiz zengin end\u00fcstri deneyimine ve profesyonel bilgiye sahiptir ve m\u00fc\u015fterilerimize teknik destek ve 24 saat dan\u0131\u015fmanl\u0131k hizmeti sa\u011flayabilir.<\/li>\n<li><strong>\u00dccretsiz \u00d6rnek<\/strong>: \u00dcr\u00fcnleri de\u011ferlendirmeniz i\u00e7in \u00fccretsiz numune hizmeti sa\u011flay\u0131n.<\/li>\n<\/ul>\n<p>Huiyang Packaging, m\u00fc\u015fterilerin \u00fcr\u00fcn imajlar\u0131n\u0131 iyile\u015ftirmelerine ve pazar rekabet g\u00fcc\u00fcn\u00fc art\u0131rmalar\u0131na yard\u0131mc\u0131 olmak i\u00e7in m\u00fc\u015fterilere y\u00fcksek kaliteli ve \u00f6zel imbik po\u015feti sa\u011flamay\u0131 taahh\u00fct eder.<\/p>","protected":false},"featured_media":4593,"comment_status":"open","ping_status":"closed","template":"","meta":[],"product_brand":[],"product_cat":[51],"product_tag":[],"class_list":{"0":"post-4591","1":"product","2":"type-product","3":"status-publish","4":"has-post-thumbnail","6":"product_cat-custom-food-packaging-bags","8":"first","9":"instock","10":"shipping-taxable","11":"product-type-simple"},"_links":{"self":[{"href":"https:\/\/www.hyflexpack.com\/tr\/wp-json\/wp\/v2\/product\/4591","targetHints":{"allow":["GET"]}}],"collection":[{"href":"https:\/\/www.hyflexpack.com\/tr\/wp-json\/wp\/v2\/product"}],"about":[{"href":"https:\/\/www.hyflexpack.com\/tr\/wp-json\/wp\/v2\/types\/product"}],"replies":[{"embeddable":true,"href":"https:\/\/www.hyflexpack.com\/tr\/wp-json\/wp\/v2\/comments?post=4591"}],"wp:featuredmedia":[{"embeddable":true,"href":"https:\/\/www.hyflexpack.com\/tr\/wp-json\/wp\/v2\/media\/4593"}],"wp:attachment":[{"href":"https:\/\/www.hyflexpack.com\/tr\/wp-json\/wp\/v2\/media?parent=4591"}],"wp:term":[{"taxonomy":"product_brand","embeddable":true,"href":"https:\/\/www.hyflexpack.com\/tr\/wp-json\/wp\/v2\/product_brand?post=4591"},{"taxonomy":"product_cat","embeddable":true,"href":"https:\/\/www.hyflexpack.com\/tr\/wp-json\/wp\/v2\/product_cat?post=4591"},{"taxonomy":"product_tag","embeddable":true,"href":"https:\/\/www.hyflexpack.com\/tr\/wp-json\/wp\/v2\/product_tag?post=4591"}],"curies":[{"name":"wp","href":"https:\/\/api.w.org\/{rel}","templated":true}]}}